{"id":227,"date":"2025-02-14T15:42:11","date_gmt":"2025-02-14T14:42:11","guid":{"rendered":"https:\/\/alegresdonorte.org\/?page_id=227"},"modified":"2025-03-08T18:52:51","modified_gmt":"2025-03-08T17:52:51","slug":"visages-du-portugal","status":"publish","type":"page","link":"https:\/\/alegresdonorte.org\/index.php\/visages-du-portugal\/","title":{"rendered":"Visages du Portugal"},"content":{"rendered":"\n<p>L\u2019association vous propose un voyage historique et culturel \u00e0 travers les portraits de personnalit\u00e9s portugaises marquantes. Cette d\u00e9marche vise \u00e0 transmettre l&#8217;histoire du Portugal par le prisme de ses hommes et femmes.<\/p>\n\n\n\n<p>Chaque s\u00e9lection offre un regard singulier sur l&#8217;identit\u00e9 culturelle portugaise, illustrant \u00e0 travers ces portraits individuels les transformations collectives du pays.<\/p>\n\n\n\n<p><\/p>\n\n\n\n<p><a href=\"https:\/\/fr.wikipedia.org\/wiki\/Maria_de_Lourdes_Pintasilgo\">Maria de Lourdes Pintasilgo<\/a><br><a href=\"https:\/\/unesco.missaoportugal.mne.gov.pt\/fr\/histoire\/ambassadeurs\/maria-de-lourdes-pintassilgo-fr\">https:\/\/unesco.missaoportugal.mne.gov.pt\/fr\/histoire\/ambassadeurs\/maria-de-lourdes-pintassilgo-fr<\/a><\/p>\n\n\n\n<p><a href=\"https:\/\/fr.wikipedia.org\/wiki\/Am%C3%A1lia_Rodrigues\" data-type=\"link\" data-id=\"https:\/\/fr.wikipedia.org\/wiki\/Am%C3%A1lia_Rodrigues\">Am\u00e1lia Rodrigues<\/a><\/p>\n\n\n\n<p><a href=\"https:\/\/fr.wikipedia.org\/wiki\/Antonio_Varia%C3%A7%C3%B5es\" data-type=\"link\" data-id=\"https:\/\/fr.wikipedia.org\/wiki\/Antonio_Varia%C3%A7%C3%B5es\">Ant\u00f3nio Varia\u00e7\u00f5es<\/a><\/p>\n\n\n\n<p><a href=\"https:\/\/fr.wikipedia.org\/wiki\/Jos%C3%A9_Saramago\">Jos\u00e9 Saramago<\/a><\/p>\n\n\n\n<p><a href=\"https:\/\/fr.wikipedia.org\/wiki\/Maria_Lamas\">Maria Lamas<\/a><\/p>\n\n\n\n<p><a href=\"https:\/\/fr.wikipedia.org\/wiki\/Zeca_Afonso\">Jos\u00e9 Afonso<\/a><\/p>\n\n\n\n<p><a href=\"https:\/\/fr.wikipedia.org\/wiki\/Fernando_Pessoa\" data-type=\"link\" data-id=\"https:\/\/fr.wikipedia.org\/wiki\/Fernando_Pessoa\">Fernando Pessoa<\/a><br><\/p>\n\n\n\n<figure class=\"wp-block-gallery has-nested-images columns-default is-cropped wp-block-gallery-1 is-layout-flex wp-block-gallery-is-layout-flex\">\n<figure class=\"wp-block-image size-large\"><img data-recalc-dims=\"1\" loading=\"lazy\" decoding=\"async\" width=\"819\" height=\"1024\" data-attachment-id=\"247\" data-permalink=\"https:\/\/alegresdonorte.org\/index.php\/visages-du-portugal\/carolina-beatriz-angelo\/\" data-orig-file=\"https:\/\/i0.wp.com\/alegresdonorte.org\/wp-content\/uploads\/2025\/03\/Carolina-Beatriz-Angelo.png?fit=1080%2C1350&amp;ssl=1\" data-orig-size=\"1080,1350\" data-comments-opened=\"1\" data-image-meta=\"{&quot;aperture&quot;:&quot;0&quot;,&quot;credit&quot;:&quot;&quot;,&quot;camera&quot;:&quot;&quot;,&quot;caption&quot;:&quot;&quot;,&quot;created_timestamp&quot;:&quot;0&quot;,&quot;copyright&quot;:&quot;&quot;,&quot;focal_length&quot;:&quot;0&quot;,&quot;iso&quot;:&quot;0&quot;,&quot;shutter_speed&quot;:&quot;0&quot;,&quot;title&quot;:&quot;&quot;,&quot;orientation&quot;:&quot;0&quot;}\" data-image-title=\"Carolina Beatriz \u00c2ngelo\" data-image-description=\"\" data-image-caption=\"\" data-medium-file=\"https:\/\/i0.wp.com\/alegresdonorte.org\/wp-content\/uploads\/2025\/03\/Carolina-Beatriz-Angelo.png?fit=240%2C300&amp;ssl=1\" data-large-file=\"https:\/\/i0.wp.com\/alegresdonorte.org\/wp-content\/uploads\/2025\/03\/Carolina-Beatriz-Angelo.png?fit=819%2C1024&amp;ssl=1\" data-id=\"247\" src=\"https:\/\/i0.wp.com\/alegresdonorte.org\/wp-content\/uploads\/2025\/03\/Carolina-Beatriz-Angelo-819x1024.png?resize=819%2C1024&#038;ssl=1\" alt=\"\" class=\"wp-image-247\" srcset=\"https:\/\/i0.wp.com\/alegresdonorte.org\/wp-content\/uploads\/2025\/03\/Carolina-Beatriz-Angelo.png?resize=819%2C1024&amp;ssl=1 819w, https:\/\/i0.wp.com\/alegresdonorte.org\/wp-content\/uploads\/2025\/03\/Carolina-Beatriz-Angelo.png?resize=240%2C300&amp;ssl=1 240w, https:\/\/i0.wp.com\/alegresdonorte.org\/wp-content\/uploads\/2025\/03\/Carolina-Beatriz-Angelo.png?resize=768%2C960&amp;ssl=1 768w, https:\/\/i0.wp.com\/alegresdonorte.org\/wp-content\/uploads\/2025\/03\/Carolina-Beatriz-Angelo.png?w=1080&amp;ssl=1 1080w\" sizes=\"auto, (max-width: 819px) 100vw, 819px\" \/><\/figure>\n\n\n\n<figure class=\"wp-block-image size-large\"><img data-recalc-dims=\"1\" loading=\"lazy\" decoding=\"async\" width=\"819\" height=\"1024\" data-attachment-id=\"259\" data-permalink=\"https:\/\/alegresdonorte.org\/index.php\/visages-du-portugal\/maria-de-lourdes-pintasilgo-2\/\" data-orig-file=\"https:\/\/i0.wp.com\/alegresdonorte.org\/wp-content\/uploads\/2025\/03\/Maria-de-Lourdes-Pintasilgo-1.png?fit=1080%2C1350&amp;ssl=1\" data-orig-size=\"1080,1350\" data-comments-opened=\"1\" data-image-meta=\"{&quot;aperture&quot;:&quot;0&quot;,&quot;credit&quot;:&quot;&quot;,&quot;camera&quot;:&quot;&quot;,&quot;caption&quot;:&quot;&quot;,&quot;created_timestamp&quot;:&quot;0&quot;,&quot;copyright&quot;:&quot;&quot;,&quot;focal_length&quot;:&quot;0&quot;,&quot;iso&quot;:&quot;0&quot;,&quot;shutter_speed&quot;:&quot;0&quot;,&quot;title&quot;:&quot;&quot;,&quot;orientation&quot;:&quot;0&quot;}\" data-image-title=\"Maria de Lourdes Pintasilgo\" data-image-description=\"\" data-image-caption=\"\" data-medium-file=\"https:\/\/i0.wp.com\/alegresdonorte.org\/wp-content\/uploads\/2025\/03\/Maria-de-Lourdes-Pintasilgo-1.png?fit=240%2C300&amp;ssl=1\" data-large-file=\"https:\/\/i0.wp.com\/alegresdonorte.org\/wp-content\/uploads\/2025\/03\/Maria-de-Lourdes-Pintasilgo-1.png?fit=819%2C1024&amp;ssl=1\" data-id=\"259\" src=\"https:\/\/i0.wp.com\/alegresdonorte.org\/wp-content\/uploads\/2025\/03\/Maria-de-Lourdes-Pintasilgo-1-819x1024.png?resize=819%2C1024&#038;ssl=1\" alt=\"\" class=\"wp-image-259\" srcset=\"https:\/\/i0.wp.com\/alegresdonorte.org\/wp-content\/uploads\/2025\/03\/Maria-de-Lourdes-Pintasilgo-1.png?resize=819%2C1024&amp;ssl=1 819w, https:\/\/i0.wp.com\/alegresdonorte.org\/wp-content\/uploads\/2025\/03\/Maria-de-Lourdes-Pintasilgo-1.png?resize=240%2C300&amp;ssl=1 240w, https:\/\/i0.wp.com\/alegresdonorte.org\/wp-content\/uploads\/2025\/03\/Maria-de-Lourdes-Pintasilgo-1.png?resize=768%2C960&amp;ssl=1 768w, https:\/\/i0.wp.com\/alegresdonorte.org\/wp-content\/uploads\/2025\/03\/Maria-de-Lourdes-Pintasilgo-1.png?w=1080&amp;ssl=1 1080w\" sizes=\"auto, (max-width: 819px) 100vw, 819px\" \/><\/figure>\n\n\n\n<figure class=\"wp-block-image size-large\"><img data-recalc-dims=\"1\" loading=\"lazy\" decoding=\"async\" width=\"819\" height=\"1024\" data-attachment-id=\"249\" data-permalink=\"https:\/\/alegresdonorte.org\/index.php\/visages-du-portugal\/maria-lamas\/\" data-orig-file=\"https:\/\/i0.wp.com\/alegresdonorte.org\/wp-content\/uploads\/2025\/03\/Maria-Lamas.png?fit=1080%2C1350&amp;ssl=1\" data-orig-size=\"1080,1350\" data-comments-opened=\"1\" data-image-meta=\"{&quot;aperture&quot;:&quot;0&quot;,&quot;credit&quot;:&quot;&quot;,&quot;camera&quot;:&quot;&quot;,&quot;caption&quot;:&quot;&quot;,&quot;created_timestamp&quot;:&quot;0&quot;,&quot;copyright&quot;:&quot;&quot;,&quot;focal_length&quot;:&quot;0&quot;,&quot;iso&quot;:&quot;0&quot;,&quot;shutter_speed&quot;:&quot;0&quot;,&quot;title&quot;:&quot;&quot;,&quot;orientation&quot;:&quot;0&quot;}\" data-image-title=\"Maria Lamas\" data-image-description=\"\" data-image-caption=\"\" data-medium-file=\"https:\/\/i0.wp.com\/alegresdonorte.org\/wp-content\/uploads\/2025\/03\/Maria-Lamas.png?fit=240%2C300&amp;ssl=1\" data-large-file=\"https:\/\/i0.wp.com\/alegresdonorte.org\/wp-content\/uploads\/2025\/03\/Maria-Lamas.png?fit=819%2C1024&amp;ssl=1\" data-id=\"249\" src=\"https:\/\/i0.wp.com\/alegresdonorte.org\/wp-content\/uploads\/2025\/03\/Maria-Lamas-819x1024.png?resize=819%2C1024&#038;ssl=1\" alt=\"\" class=\"wp-image-249\" srcset=\"https:\/\/i0.wp.com\/alegresdonorte.org\/wp-content\/uploads\/2025\/03\/Maria-Lamas.png?resize=819%2C1024&amp;ssl=1 819w, https:\/\/i0.wp.com\/alegresdonorte.org\/wp-content\/uploads\/2025\/03\/Maria-Lamas.png?resize=240%2C300&amp;ssl=1 240w, https:\/\/i0.wp.com\/alegresdonorte.org\/wp-content\/uploads\/2025\/03\/Maria-Lamas.png?resize=768%2C960&amp;ssl=1 768w, https:\/\/i0.wp.com\/alegresdonorte.org\/wp-content\/uploads\/2025\/03\/Maria-Lamas.png?w=1080&amp;ssl=1 1080w\" sizes=\"auto, (max-width: 819px) 100vw, 819px\" \/><\/figure>\n\n\n\n<figure class=\"wp-block-image size-large\"><img data-recalc-dims=\"1\" loading=\"lazy\" decoding=\"async\" width=\"819\" height=\"1024\" data-attachment-id=\"262\" data-permalink=\"https:\/\/alegresdonorte.org\/index.php\/visages-du-portugal\/03-maria-teresa-carcomo-lobo\/\" data-orig-file=\"https:\/\/i0.wp.com\/alegresdonorte.org\/wp-content\/uploads\/2025\/03\/03.Maria-Teresa-Carcomo-Lobo.png?fit=1080%2C1350&amp;ssl=1\" data-orig-size=\"1080,1350\" data-comments-opened=\"1\" data-image-meta=\"{&quot;aperture&quot;:&quot;0&quot;,&quot;credit&quot;:&quot;&quot;,&quot;camera&quot;:&quot;&quot;,&quot;caption&quot;:&quot;&quot;,&quot;created_timestamp&quot;:&quot;0&quot;,&quot;copyright&quot;:&quot;&quot;,&quot;focal_length&quot;:&quot;0&quot;,&quot;iso&quot;:&quot;0&quot;,&quot;shutter_speed&quot;:&quot;0&quot;,&quot;title&quot;:&quot;&quot;,&quot;orientation&quot;:&quot;0&quot;}\" data-image-title=\"03.Maria Teresa C\u00e1rcomo Lobo\" data-image-description=\"\" data-image-caption=\"\" data-medium-file=\"https:\/\/i0.wp.com\/alegresdonorte.org\/wp-content\/uploads\/2025\/03\/03.Maria-Teresa-Carcomo-Lobo.png?fit=240%2C300&amp;ssl=1\" data-large-file=\"https:\/\/i0.wp.com\/alegresdonorte.org\/wp-content\/uploads\/2025\/03\/03.Maria-Teresa-Carcomo-Lobo.png?fit=819%2C1024&amp;ssl=1\" data-id=\"262\" src=\"https:\/\/i0.wp.com\/alegresdonorte.org\/wp-content\/uploads\/2025\/03\/03.Maria-Teresa-Carcomo-Lobo-819x1024.png?resize=819%2C1024&#038;ssl=1\" alt=\"\" class=\"wp-image-262\" srcset=\"https:\/\/i0.wp.com\/alegresdonorte.org\/wp-content\/uploads\/2025\/03\/03.Maria-Teresa-Carcomo-Lobo.png?resize=819%2C1024&amp;ssl=1 819w, https:\/\/i0.wp.com\/alegresdonorte.org\/wp-content\/uploads\/2025\/03\/03.Maria-Teresa-Carcomo-Lobo.png?resize=240%2C300&amp;ssl=1 240w, https:\/\/i0.wp.com\/alegresdonorte.org\/wp-content\/uploads\/2025\/03\/03.Maria-Teresa-Carcomo-Lobo.png?resize=768%2C960&amp;ssl=1 768w, https:\/\/i0.wp.com\/alegresdonorte.org\/wp-content\/uploads\/2025\/03\/03.Maria-Teresa-Carcomo-Lobo.png?w=1080&amp;ssl=1 1080w\" sizes=\"auto, (max-width: 819px) 100vw, 819px\" \/><\/figure>\n\n\n\n<figure class=\"wp-block-image size-large\"><img data-recalc-dims=\"1\" loading=\"lazy\" decoding=\"async\" width=\"819\" height=\"1024\" data-attachment-id=\"250\" data-permalink=\"https:\/\/alegresdonorte.org\/index.php\/visages-du-portugal\/trois-marias-1_2\/\" data-orig-file=\"https:\/\/i0.wp.com\/alegresdonorte.org\/wp-content\/uploads\/2025\/03\/Trois-Marias-1_2.png?fit=1080%2C1350&amp;ssl=1\" data-orig-size=\"1080,1350\" data-comments-opened=\"1\" data-image-meta=\"{&quot;aperture&quot;:&quot;0&quot;,&quot;credit&quot;:&quot;&quot;,&quot;camera&quot;:&quot;&quot;,&quot;caption&quot;:&quot;&quot;,&quot;created_timestamp&quot;:&quot;0&quot;,&quot;copyright&quot;:&quot;&quot;,&quot;focal_length&quot;:&quot;0&quot;,&quot;iso&quot;:&quot;0&quot;,&quot;shutter_speed&quot;:&quot;0&quot;,&quot;title&quot;:&quot;&quot;,&quot;orientation&quot;:&quot;0&quot;}\" data-image-title=\"Trois Marias 1_2\" data-image-description=\"\" data-image-caption=\"\" data-medium-file=\"https:\/\/i0.wp.com\/alegresdonorte.org\/wp-content\/uploads\/2025\/03\/Trois-Marias-1_2.png?fit=240%2C300&amp;ssl=1\" data-large-file=\"https:\/\/i0.wp.com\/alegresdonorte.org\/wp-content\/uploads\/2025\/03\/Trois-Marias-1_2.png?fit=819%2C1024&amp;ssl=1\" data-id=\"250\" src=\"https:\/\/i0.wp.com\/alegresdonorte.org\/wp-content\/uploads\/2025\/03\/Trois-Marias-1_2-819x1024.png?resize=819%2C1024&#038;ssl=1\" alt=\"\" class=\"wp-image-250\" srcset=\"https:\/\/i0.wp.com\/alegresdonorte.org\/wp-content\/uploads\/2025\/03\/Trois-Marias-1_2.png?resize=819%2C1024&amp;ssl=1 819w, https:\/\/i0.wp.com\/alegresdonorte.org\/wp-content\/uploads\/2025\/03\/Trois-Marias-1_2.png?resize=240%2C300&amp;ssl=1 240w, https:\/\/i0.wp.com\/alegresdonorte.org\/wp-content\/uploads\/2025\/03\/Trois-Marias-1_2.png?resize=768%2C960&amp;ssl=1 768w, https:\/\/i0.wp.com\/alegresdonorte.org\/wp-content\/uploads\/2025\/03\/Trois-Marias-1_2.png?w=1080&amp;ssl=1 1080w\" sizes=\"auto, (max-width: 819px) 100vw, 819px\" \/><\/figure>\n\n\n\n<figure class=\"wp-block-image size-large\"><img data-recalc-dims=\"1\" loading=\"lazy\" decoding=\"async\" width=\"819\" height=\"1024\" data-attachment-id=\"260\" data-permalink=\"https:\/\/alegresdonorte.org\/index.php\/visages-du-portugal\/trois-marias-2_2-2\/\" data-orig-file=\"https:\/\/i0.wp.com\/alegresdonorte.org\/wp-content\/uploads\/2025\/03\/Trois-Marias-2_2-1.png?fit=1080%2C1350&amp;ssl=1\" data-orig-size=\"1080,1350\" data-comments-opened=\"1\" data-image-meta=\"{&quot;aperture&quot;:&quot;0&quot;,&quot;credit&quot;:&quot;&quot;,&quot;camera&quot;:&quot;&quot;,&quot;caption&quot;:&quot;&quot;,&quot;created_timestamp&quot;:&quot;0&quot;,&quot;copyright&quot;:&quot;&quot;,&quot;focal_length&quot;:&quot;0&quot;,&quot;iso&quot;:&quot;0&quot;,&quot;shutter_speed&quot;:&quot;0&quot;,&quot;title&quot;:&quot;&quot;,&quot;orientation&quot;:&quot;0&quot;}\" data-image-title=\"Trois Marias 2_2\" data-image-description=\"\" data-image-caption=\"\" data-medium-file=\"https:\/\/i0.wp.com\/alegresdonorte.org\/wp-content\/uploads\/2025\/03\/Trois-Marias-2_2-1.png?fit=240%2C300&amp;ssl=1\" data-large-file=\"https:\/\/i0.wp.com\/alegresdonorte.org\/wp-content\/uploads\/2025\/03\/Trois-Marias-2_2-1.png?fit=819%2C1024&amp;ssl=1\" data-id=\"260\" src=\"https:\/\/i0.wp.com\/alegresdonorte.org\/wp-content\/uploads\/2025\/03\/Trois-Marias-2_2-1-819x1024.png?resize=819%2C1024&#038;ssl=1\" alt=\"\" class=\"wp-image-260\" srcset=\"https:\/\/i0.wp.com\/alegresdonorte.org\/wp-content\/uploads\/2025\/03\/Trois-Marias-2_2-1.png?resize=819%2C1024&amp;ssl=1 819w, https:\/\/i0.wp.com\/alegresdonorte.org\/wp-content\/uploads\/2025\/03\/Trois-Marias-2_2-1.png?resize=240%2C300&amp;ssl=1 240w, https:\/\/i0.wp.com\/alegresdonorte.org\/wp-content\/uploads\/2025\/03\/Trois-Marias-2_2-1.png?resize=768%2C960&amp;ssl=1 768w, https:\/\/i0.wp.com\/alegresdonorte.org\/wp-content\/uploads\/2025\/03\/Trois-Marias-2_2-1.png?w=1080&amp;ssl=1 1080w\" sizes=\"auto, (max-width: 819px) 100vw, 819px\" \/><\/figure>\n<\/figure>\n\n\n\n<p><\/p>\n\n\n\n<p><a href=\"https:\/\/fr.wikipedia.org\/wiki\/Carolina_Beatriz_%C3%82ngelo\" data-type=\"link\" data-id=\"https:\/\/fr.wikipedia.org\/wiki\/Carolina_Beatriz_%C3%82ngelo\">Carolina Beatriz \u00c2ngelo<\/a><br>Ressources: <a href=\"https:\/\/youtu.be\/lHDVKmwJeD0?si=OoPLdmt5c4E2hiXx\">https:\/\/youtu.be\/lHDVKmwJeD0?si=OoPLdmt5c4E2hiXx<\/a><br><a href=\"https:\/\/fr.wikipedia.org\/wiki\/Carolina_Beatriz_%C3%82ngelo\" data-type=\"link\" data-id=\"https:\/\/fr.wikipedia.org\/wiki\/Carolina_Beatriz_%C3%82ngelo\"><br><\/a><a href=\"https:\/\/fr.wikipedia.org\/wiki\/Maria_Teresa_Horta\" data-type=\"link\" data-id=\"https:\/\/fr.wikipedia.org\/wiki\/Maria_Teresa_Horta\">Maria Teresa Horta<\/a><br><a href=\"https:\/\/fr.wikipedia.org\/wiki\/Maria_Isabel_Barreno\" data-type=\"link\" data-id=\"https:\/\/fr.wikipedia.org\/wiki\/Maria_Isabel_Barreno\">Maria Isabel Barreno<br><\/a><a href=\"https:\/\/fr.wikipedia.org\/wiki\/Maria_Velho_da_Costa\" data-type=\"link\" data-id=\"https:\/\/fr.wikipedia.org\/wiki\/Maria_Velho_da_Costa\">Maria Velho da Costa<br><\/a>Maria Teresa C\u00e1rcomo Lobo<br>Ressources:<\/p>\n\n\n\n<figure class=\"wp-block-image size-full\"><img data-recalc-dims=\"1\" loading=\"lazy\" decoding=\"async\" width=\"303\" height=\"320\" data-attachment-id=\"257\" data-permalink=\"https:\/\/alegresdonorte.org\/index.php\/visages-du-portugal\/image-14\/\" data-orig-file=\"https:\/\/i0.wp.com\/alegresdonorte.org\/wp-content\/uploads\/2025\/03\/image.png?fit=303%2C320&amp;ssl=1\" data-orig-size=\"303,320\" data-comments-opened=\"1\" data-image-meta=\"{&quot;aperture&quot;:&quot;0&quot;,&quot;credit&quot;:&quot;&quot;,&quot;camera&quot;:&quot;&quot;,&quot;caption&quot;:&quot;&quot;,&quot;created_timestamp&quot;:&quot;0&quot;,&quot;copyright&quot;:&quot;&quot;,&quot;focal_length&quot;:&quot;0&quot;,&quot;iso&quot;:&quot;0&quot;,&quot;shutter_speed&quot;:&quot;0&quot;,&quot;title&quot;:&quot;&quot;,&quot;orientation&quot;:&quot;0&quot;}\" data-image-title=\"image\" data-image-description=\"\" data-image-caption=\"\" data-medium-file=\"https:\/\/i0.wp.com\/alegresdonorte.org\/wp-content\/uploads\/2025\/03\/image.png?fit=284%2C300&amp;ssl=1\" data-large-file=\"https:\/\/i0.wp.com\/alegresdonorte.org\/wp-content\/uploads\/2025\/03\/image.png?fit=303%2C320&amp;ssl=1\" src=\"https:\/\/i0.wp.com\/alegresdonorte.org\/wp-content\/uploads\/2025\/03\/image.png?resize=303%2C320&#038;ssl=1\" alt=\"\" class=\"wp-image-257\" srcset=\"https:\/\/i0.wp.com\/alegresdonorte.org\/wp-content\/uploads\/2025\/03\/image.png?w=303&amp;ssl=1 303w, https:\/\/i0.wp.com\/alegresdonorte.org\/wp-content\/uploads\/2025\/03\/image.png?resize=284%2C300&amp;ssl=1 284w\" sizes=\"auto, (max-width: 303px) 100vw, 303px\" \/><\/figure>\n\n\n\n<p><br><\/p>\n","protected":false},"excerpt":{"rendered":"<p>L\u2019association vous propose un voyage historique et culturel \u00e0 travers les portraits de personnalit\u00e9s portugaises marquantes. Cette d\u00e9marche vise \u00e0 transmettre l&#8217;histoire du Portugal par le prisme de ses hommes et femmes. Chaque s\u00e9lection offre un regard singulier sur l&#8217;identit\u00e9 culturelle portugaise, illustrant \u00e0 travers ces portraits individuels les transformations collectives du pays. Maria de [&hellip;]<\/p>\n","protected":false},"author":1,"featured_media":0,"parent":0,"menu_order":0,"comment_status":"closed","ping_status":"closed","template":"","meta":{"advanced_seo_description":"","jetpack_seo_html_title":"","jetpack_seo_noindex":false,"jetpack_post_was_ever_published":false,"footnotes":""},"class_list":["post-227","page","type-page","status-publish","hentry"],"jetpack_sharing_enabled":true,"_links":{"self":[{"href":"https:\/\/alegresdonorte.org\/index.php\/wp-json\/wp\/v2\/pages\/227","targetHints":{"allow":["GET"]}}],"collection":[{"href":"https:\/\/alegresdonorte.org\/index.php\/wp-json\/wp\/v2\/pages"}],"about":[{"href":"https:\/\/alegresdonorte.org\/index.php\/wp-json\/wp\/v2\/types\/page"}],"author":[{"embeddable":true,"href":"https:\/\/alegresdonorte.org\/index.php\/wp-json\/wp\/v2\/users\/1"}],"replies":[{"embeddable":true,"href":"https:\/\/alegresdonorte.org\/index.php\/wp-json\/wp\/v2\/comments?post=227"}],"version-history":[{"count":11,"href":"https:\/\/alegresdonorte.org\/index.php\/wp-json\/wp\/v2\/pages\/227\/revisions"}],"predecessor-version":[{"id":263,"href":"https:\/\/alegresdonorte.org\/index.php\/wp-json\/wp\/v2\/pages\/227\/revisions\/263"}],"wp:attachment":[{"href":"https:\/\/alegresdonorte.org\/index.php\/wp-json\/wp\/v2\/media?parent=227"}],"curies":[{"name":"wp","href":"https:\/\/api.w.org\/{rel}","templated":true}]}}